{"id":15337,"date":"2025-06-03T22:29:17","date_gmt":"2025-06-03T19:29:17","guid":{"rendered":"https:\/\/kintaiarts.lt\/?post_type=festivalio_renginys&#038;p=15337"},"modified":"2025-06-04T11:35:23","modified_gmt":"2025-06-04T08:35:23","slug":"rekonstruojant-ciurlioni","status":"publish","type":"festivalio_renginys","link":"https:\/\/kintaiarts.lt\/en\/muzikos-festivalis\/renginiai\/rekonstruojant-ciurlioni\/","title":{"rendered":"REKONSTRUOJANT \u010cIURLION\u012e"},"content":{"rendered":"<p><img loading=\"lazy\" decoding=\"async\" class=\"aligncenter\" style=\"aspect-ratio: auto 2560 \/ 1703;\" title=\"030_52914064560_o\" src=\"https:\/\/kintaiarts.lt\/wp-content\/uploads\/2025\/06\/030_52914064560_o-scaled.jpg\" alt=\"Robert Dak\u0161evi\u010d fotografija\" width=\"700\" height=\"466\" data-id=\"15482\" data-init-width=\"2560\" data-init-height=\"1703\" data-width=\"700\" data-height=\"466\" \/><\/p>\n<p><span style=\"font-weight: 400;\">\u0160ven\u010diant 150-\u0105j\u0105 M.K.\u010ciurlionio sukakt\u012f Vilniaus sakralin\u0117s muzikos choras \u201eAdoramus\u201c (meno vadovas ir dirigentas dr. Imantas Jonas \u0160imkus) drauge su choru \u201eMomentum\u201c (meno vadovas ir dirigentas dr. Imantas Jonas \u0160imkus) ir Roku Zubovu kvie\u010dia pasinerti \u012f muzikin\u0119 ir istorin\u0119 patirt\u012f ir i\u0161gyventi autenti\u0161kai atkurt\u0105, paties \u010ciurlionio 1908 m. surengt\u0105 koncert\u0105, \u0160ilut\u0117je, Kint\u0173 festivalyje.<\/span><\/p>\n<p>&nbsp;<\/p>\n<p><span style=\"font-weight: 400;\">Mikalojus Konstantinas \u010ciurlionis buvo daugialypio talento asmenyb\u0117 \u2013 jis yra \u017einomas kaip kompozitorius, muzikantas ir savo met\u0105 pranok\u0119s dailininkas. Vienas i\u0161 \u0161i\u0105 geb\u0117jim\u0173 simbioz\u0119 simboli\u0161kai pa\u017eymin\u010di\u0173 \u012fvyki\u0173 \u2013 tai Pirmasis lietuvi\u0173 dail\u0117s draugijos koncertas, \u012fvyk\u0119s 1908 m. gegu\u017e\u0117s 17 d. Vilniuje, Pagiri\u0173 gele\u017einkelio klube (\u017einomas kaip buv\u0119s Vaidilos teatras). \u0160i data pirmiausia reik\u0161minga Lietuvos dail\u0117s istorijai, kai Lietuvoje \u012fsi\u017eieb\u0117 naujas lietuvi\u0161ko meno samb\u016bris. Taip pat \u0161io vakaro metu \u012fvyko ir vienas i\u0161 vos keli\u0173 Vilniuje vykusi\u0173 ir dokumentais patvirtint\u0173 paties M.K. \u010ciurlionio surengt\u0173 koncert\u0173. Nepaisant dideli\u0173 suvar\u017eym\u0173 ir ribotos sklaidos, vakare dalyvavo ir gars\u016bs to meto atlik\u0117jai. Vakaro program\u0105 sudar\u0117 M.K. \u010ciurlionio i\u0161dailintos lietuvi\u0173 liaudies dainos ir kantata \u201eDe Profundis\u201c, kuri t\u0105 kart\u0105 Vilniuje nuskamb\u0117jo kaip k\u016brinys fortepijonui ir chorui (skambino pats \u010ciurlionis).<\/span><\/p>\n<p>&nbsp;<\/p>\n<p><span style=\"font-weight: 400;\">2023 metais, minint 115-\u0105j\u0105 \u0161io koncerto sukakt\u012f, Vilniaus sakralin\u0117s muzikos choras Adoramus inicijavo \u0161io koncerto rekonstrukcij\u0105. Bendradarbiaujant su Graco muzikos ir scenos men\u0173 universiteto tyr\u0117ju dr. Charris Efthimiou, dirban\u010diu M.K. \u010ciurlionio muzikos paveldo ir tyrim\u0173 tarptautin\u0117je muzikolog\u0173 darbo grup\u0117je, i\u0161 originali\u0173 rankra\u0161\u010di\u0173 buvo autenti\u0161kai atkurta \u0161io 1908 met\u0173 koncerto programa ir kritin\u0117s k\u016brini\u0173 redakcijos.<\/span><\/p>","protected":false},"excerpt":{"rendered":"<p>\u0161e\u0161tadienis | 19.00<br \/>\n\u0160ilut\u0117s Liuteron\u0173 ba\u017eny\u010dia<\/p>\n<p>REKONSTRUOJANT \u010cIURLION\u012e<br \/>\nRekonstruotas pirmasis Lietuvi\u0173 dail\u0117s draugijos koncertas<\/p>\n<p>Vilniaus sakralin\u0117s muzikos choras \u201eAdoramus\u201c (meno vadovas ir dirigentas dr. Imantas Jonas \u0160imkus), choras \u201eMomentum\u201c (meno vadovas ir dirigentas dr. Imantas Jonas \u0160imkus), Rokas Zubovas (fortepijonas).<br \/>\nPROGRAMA: M.K. \u010ciurlionis <\/p>\n<p>\u012e\u0117jimas laisvas <\/p>","protected":false},"featured_media":0,"template":"","categories":[79],"class_list":["post-15337","festivalio_renginys","type-festivalio_renginys","status-publish","hentry","category-ivyke-renginiai","post-wrapper","thrv_wrapper"],"_links":{"self":[{"href":"https:\/\/kintaiarts.lt\/en\/wp-json\/wp\/v2\/festivalio_renginys\/15337","targetHints":{"allow":["GET"]}}],"collection":[{"href":"https:\/\/kintaiarts.lt\/en\/wp-json\/wp\/v2\/festivalio_renginys"}],"about":[{"href":"https:\/\/kintaiarts.lt\/en\/wp-json\/wp\/v2\/types\/festivalio_renginys"}],"version-history":[{"count":6,"href":"https:\/\/kintaiarts.lt\/en\/wp-json\/wp\/v2\/festivalio_renginys\/15337\/revisions"}],"predecessor-version":[{"id":15585,"href":"https:\/\/kintaiarts.lt\/en\/wp-json\/wp\/v2\/festivalio_renginys\/15337\/revisions\/15585"}],"wp:attachment":[{"href":"https:\/\/kintaiarts.lt\/en\/wp-json\/wp\/v2\/media?parent=15337"}],"wp:term":[{"taxonomy":"category","embeddable":true,"href":"https:\/\/kintaiarts.lt\/en\/wp-json\/wp\/v2\/categories?post=15337"}],"curies":[{"name":"wp","href":"https:\/\/api.w.org\/{rel}","templated":true}]}}